{"id":28716,"date":"2024-11-25T09:47:25","date_gmt":"2024-11-25T17:47:25","guid":{"rendered":"https:\/\/www.discoversantaclara.org\/?page_id=28716"},"modified":"2025-11-04T11:41:07","modified_gmt":"2025-11-04T19:41:07","slug":"exclusive-partners","status":"publish","type":"page","link":"https:\/\/www.discoversantaclara.org\/es\/santa-clara-convention-center\/exclusive-partners\/","title":{"rendered":"Socios exclusivos"},"content":{"rendered":"<div class=\"wp-block-cover alignfull hero-slider\"><img loading=\"lazy\" decoding=\"async\" width=\"1920\" height=\"1138\" class=\"wp-block-cover__image-background wp-image-41706\" alt=\"A stunning modern building with illuminated glass pyramids and a vibrant fountain, surrounded by palm trees at dusk in Santa Clara, California.\" src=\"https:\/\/www.discoversantaclara.org\/wp-content\/uploads\/2025\/01\/Exclusive-Providers.png\" data-object-fit=\"cover\" title=\"\"><span aria-hidden=\"true\" class=\"wp-block-cover__background has-black-background-color has-background-dim-20 has-background-dim\"><\/span><div class=\"wp-block-cover__inner-container is-layout-flow wp-block-cover-is-layout-flow\">\n<div class=\"wp-block-group alignfull hero-slider__content is-vertical is-content-justification-center is-layout-flex wp-container-core-group-is-layout-7f11c10a wp-block-group-is-layout-flex\" style=\"padding-right:var(--wp--preset--spacing--30);padding-left:var(--wp--preset--spacing--30)\">\n<div class=\"wp-block-group hero-slider__title is-content-justification-center is-nowrap is-layout-flex wp-container-core-group-is-layout-23441af8 wp-block-group-is-layout-flex\">\n<h1 class=\"wp-block-heading has-text-align-center has-white-color has-text-color has-link-color has-xxlarge-font-size wp-elements-3706b40a91193c33634f5720fcb8e11d\">Exclusivo<br>socios<\/h1>\n<\/div>\n<\/div>\n<\/div><\/div>\n\n\n<div style=\"--responsive-spacer--desktop:4rem;--responsive-spacer--tablet:4rem;--responsive-spacer--mobile:3rem;\" class=\"wp-block-madden-theme-responsive-spacer\"><\/div>\n\n<div class=\"kb-row-layout-wrap kb-row-layout-id28716_2f6b19-b5 alignnone wp-block-kadence-rowlayout\"><div class=\"kt-row-column-wrap kt-has-2-columns kt-row-layout-equal kt-tab-layout-inherit kt-mobile-layout-row kt-row-valign-top\">\n\n<div class=\"wp-block-kadence-column kadence-column28716_a8f831-4e\"><div class=\"kt-inside-inner-col\">\n<div class=\"wp-block-group aligncenter-small has-global-padding is-layout-constrained wp-block-group-is-layout-constrained\">\n<div class=\"wp-block-kadence-spacer aligncenter kt-block-spacer-28716_3ffbe9-3c\"><div class=\"kt-block-spacer kt-block-spacer-halign-center\"><hr class=\"kt-divider\"\/><\/div><\/div>\n\n\n\n<h2 class=\"wp-block-heading center-on-mobile\">Centro de Convenciones de Santa Clara Socios exclusivos<\/h2>\n\n\n\n<p class=\"center-on-mobile has-normal-big-font-size\">Extraordinary events don\u2019t happen by chance\u2014they happen by design. At the Santa Clara Convention Center, our exclusive partners bring top-tier expertise in catering, technology, and event production to ensure every detail exceeds expectations. Whether you&#8217;re planning an intimate gathering or a large-scale experience, we collaborate with the best to make your vision a reality.<\/p>\n<\/div>\n<\/div><\/div>\n\n\n\n<div class=\"wp-block-kadence-column kadence-column28716_2223d0-91\"><div class=\"kt-inside-inner-col\">\n<figure class=\"wp-block-image size-large is-style-wavy-left-bottom\"><img loading=\"lazy\" decoding=\"async\" width=\"1024\" height=\"683\" src=\"https:\/\/www.discoversantaclara.org\/wp-content\/uploads\/2025\/02\/IMG_5574-1024x683.jpg\" alt=\"Technology Partnerships and Professional Video Production\" class=\"wp-image-44296\" title=\"\"><\/figure>\n<\/div><\/div>\n\n<\/div><\/div>\n\n\n<div class=\"wp-block-group has-global-padding is-layout-constrained wp-block-group-is-layout-constrained\"><div style=\"--responsive-spacer--desktop:3rem;--responsive-spacer--tablet:3rem;--responsive-spacer--mobile:1rem;\" class=\"wp-block-madden-theme-responsive-spacer\"><\/div>\n\n\n<div class=\"wp-block-kadence-spacer aligncenter kt-block-spacer-28716_aab316-4e\"><div class=\"kt-block-spacer kt-block-spacer-halign-center\"><hr class=\"kt-divider\"\/><\/div><\/div>\n<\/div>\n\n\n\n<div class=\"wp-block-group has-global-padding is-layout-constrained wp-block-group-is-layout-constrained\"><div style=\"--responsive-spacer--desktop:3rem;--responsive-spacer--tablet:3rem;--responsive-spacer--mobile:1rem;\" class=\"wp-block-madden-theme-responsive-spacer\"><\/div>\n\n\n<div class=\"wp-block-group has-global-padding is-layout-constrained wp-container-core-group-is-layout-4c5f91a8 wp-block-group-is-layout-constrained\">\n<h2 class=\"wp-block-heading has-text-align-center\">catering interno<\/h2>\n\n\n\n<p class=\"has-text-align-center has-blue-color has-text-color has-link-color has-medium-font-size wp-elements-cfbb71ab9f67f28c6d1509171bdb134f\" style=\"text-transform:uppercase\">de Levy Restaurants<\/p>\n<\/div>\n\n\n<div style=\"--responsive-spacer--desktop:3rem;--responsive-spacer--tablet:3rem;--responsive-spacer--mobile:1rem;\" class=\"wp-block-madden-theme-responsive-spacer\"><\/div>\n\n\n<div class=\"wp-block-group cta-slider has-global-padding is-layout-constrained wp-block-group-is-layout-constrained\" style=\"margin-top:0;margin-bottom:0;padding-top:0;padding-bottom:0\">\n<section id=\"\" class=\"slider-type-custom cta-slider is-style-none  cta-slider is-style-none wp-block-madden-theme-slider\"  data-uid=\"faabf548-37e4-450e-90a3-d2f759a693c4\">\n\t<div class=\"swiper\" data-enableautoplay=\"\" data-centeredslides=\"\" data-effect=\"fade\" data-loop=\"\" data-freemode=\"\" data-enablemousescroll=\"\" data-enablearrownavigation=\"1\" data-enablepagination=\"\" data-enablescrollbar=\"\" data-sliderdirectiondesktop=\"horizontal\" data-sliderdirectiontablet=\"horizontal\" data-sliderdirectionmobile=\"horizontal\" data-enablegridrows=\"\" data-gridrowsdesktop=\"1\" data-gridrowstablet=\"1\" data-gridrowsmobile=\"1\" data-enablespacebetween=\"\" data-spacebetweendesktop=\"10\" data-spacebetweentablet=\"10\" data-spacebetweenmobile=\"10\" data-enableslidesperview=\"\" data-enableslidesperviewauto=\"\" data-slidesperviewdesktop=\"1\" data-slidesperviewtablet=\"1\" data-slidesperviewmobile=\"1\" data-enableslidespergroup=\"\" data-enableslidespergroupauto=\"\" data-slidespergroupdesktop=\"1\" data-slidespergrouptablet=\"1\" data-slidespergroupmobile=\"1\">\n\n\t\t<div class=\"swiper-wrapper\">\n\t\t\t\n\n<div class=\"wp-block-madden-theme-single-slide swiper-slide\">\n<div class=\"wp-block-group cta-slide has-global-padding is-layout-constrained wp-block-group-is-layout-constrained\">\n<div class=\"wp-block-cover\"><img loading=\"lazy\" decoding=\"async\" width=\"1280\" height=\"1920\" class=\"wp-block-cover__image-background wp-image-41713\" alt=\"A hand sprinkles pumpkin seeds over a colorful layered salad in a glass jar, surrounded by fresh vegetables and a wooden spoon on a rustic wooden table in Santa Clara, California.\" src=\"https:\/\/www.discoversantaclara.org\/wp-content\/uploads\/2025\/01\/Our-Food-Story.png\" data-object-fit=\"cover\" title=\"\"><span aria-hidden=\"true\" class=\"wp-block-cover__background has-blue-background-color has-background-dim-80 has-background-dim\"><\/span><div class=\"wp-block-cover__inner-container is-layout-flow wp-block-cover-is-layout-flow\">\n<div class=\"wp-block-group has-white-color has-text-color has-link-color wp-elements-3a4e23799e1bf2df6f9e482b00ca72d7 has-global-padding is-content-justification-left is-layout-constrained wp-container-core-group-is-layout-749cb7c4 wp-block-group-is-layout-constrained\">\n<h2 class=\"wp-block-heading\" style=\"font-size:clamp(22.041px, 1.378rem + ((1vw - 3.2px) * 1.287), 36px);\">Sabores artesanales para cada reuni\u00f3n<\/h2>\n\n\n\n<p>Antes de que Santa Clara se convirtiera en un centro tecnol\u00f3gico, era famosa por sus ricas ra\u00edces vin\u00edcolas y agr\u00edcolas, lo que le vali\u00f3 el t\u00edtulo de \"El valle de las delicias del coraz\u00f3n\". Honramos ese legado apoyando a los agricultores locales y abasteci\u00e9ndonos de productos de temporada cultivados en la zona. Al apostar por ingredientes sostenibles y frescos de granja, nuestros chefs ofrecen la m\u00e1xima frescura y sabores vibrantes directamente a su mesa. Nuestras opciones de comida y bebida personalizables y de calidad de restaurante ofrecen algo para cada paladar, garantizando que lo mejor de la generosidad de Santa Clara est\u00e9 siempre al alcance de la mano.<\/p>\n\n\n\n<div class=\"wp-block-buttons is-layout-flex wp-block-buttons-is-layout-flex\" style=\"margin-top:var(--wp--preset--spacing--40)\">\n<div class=\"wp-block-button\"><a class=\"wp-block-button__link has-white-color has-text-color has-link-color wp-element-button\" href=\"https:\/\/www.discoversantaclara.org\/es\/santa-clara-convention-center\/exclusive-partners\/food-philosophy\/\">filosof\u00eda alimentaria<\/a><\/div>\n<\/div>\n<\/div>\n<\/div><\/div>\n<\/div>\n<\/div>\n\n\n\n<div class=\"wp-block-madden-theme-single-slide swiper-slide\">\n<div class=\"wp-block-group cta-slide has-global-padding is-layout-constrained wp-block-group-is-layout-constrained\">\n<div class=\"wp-block-cover\"><img loading=\"lazy\" decoding=\"async\" width=\"1920\" height=\"1280\" class=\"wp-block-cover__image-background wp-image-44300\" alt=\"A beautifully arranged charcuterie box filled with an assortment of meats, cheeses, fruits, nuts, and accompaniments, presented on a dark surface with fresh herbs in Santa Clara, California.\" src=\"https:\/\/www.discoversantaclara.org\/wp-content\/uploads\/2025\/02\/Image_Boxed-Charcuterie-scaled-e1738621185989.jpg\" data-object-fit=\"cover\" title=\"\"><span aria-hidden=\"true\" class=\"wp-block-cover__background has-blue-background-color has-background-dim-80 has-background-dim\"><\/span><div class=\"wp-block-cover__inner-container is-layout-flow wp-block-cover-is-layout-flow\">\n<div class=\"wp-block-group has-white-color has-text-color has-link-color wp-elements-7cfc2a838c97581490475df21d8427bb has-global-padding is-content-justification-left is-layout-constrained wp-container-core-group-is-layout-749cb7c4 wp-block-group-is-layout-constrained\">\n<h2 class=\"wp-block-heading\" style=\"font-size:clamp(22.041px, 1.378rem + ((1vw - 3.2px) * 1.287), 36px);\">No es s\u00f3lo comida, es una experiencia<\/h2>\n\n\n\n<p class=\"has-normal-big-font-size\">Creemos que la experiencia gastron\u00f3mica debe ser tan \u00fanica como la propia ciudad. Todo est\u00e1 hecho a la medida del comensal, personalizamos cada detalle seg\u00fan las imaginativas preferencias de nuestros clientes.<\/p>\n\n\n\n<div class=\"wp-block-group has-global-padding is-layout-constrained wp-container-core-group-is-layout-19e250f3 wp-block-group-is-layout-constrained\">\n<p class=\"has-normal-big-font-size\">HABLEMOS DE<\/p>\n\n\n\n<ul class=\"wp-block-list\">\n<li>Men\u00fas personalizados<\/li>\n\n\n\n<li>Ideas innovadoras<\/li>\n\n\n\n<li>Montaje creativo de mesas<\/li>\n\n\n\n<li>Ferla bici caf\u00e9s<\/li>\n\n\n\n<li>Caf\u00e9s Connect de alta tecnolog\u00eda<\/li>\n<\/ul>\n<\/div>\n\n\n\n<div class=\"wp-block-buttons is-layout-flex wp-block-buttons-is-layout-flex\" style=\"margin-top:var(--wp--preset--spacing--40)\">\n<div class=\"wp-block-button\"><a class=\"wp-block-button__link has-white-color has-text-color has-link-color wp-element-button\" href=\"https:\/\/www.discoversantaclara.org\/wp-content\/uploads\/2025\/01\/2024-SCCC-CATERING-MENU.pdf\" target=\"_blank\" rel=\"noreferrer noopener\">Men\u00fa de catering<\/a><\/div>\n<\/div>\n<\/div>\n<\/div><\/div>\n<\/div>\n<\/div>\n\n\t\t<\/div>\n\t<\/div>\n\n\t<div class=\"swiper-navigation-wrapper\"><div class=\"swiper-button-prev\" style=\"color:;background-color:;\"><\/div><div class=\"swiper-button-next\" style=\"color:;background-color:;\"><\/div><\/div><\/section>\n<\/div>\n<\/div>\n\n\n\n<div class=\"wp-block-group has-global-padding is-layout-constrained wp-block-group-is-layout-constrained\" style=\"margin-top:0;margin-bottom:0\"><div style=\"--responsive-spacer--desktop:3rem;--responsive-spacer--tablet:3rem;--responsive-spacer--mobile:1rem;\" class=\"wp-block-madden-theme-responsive-spacer\"><\/div>\n\n\n<div class=\"wp-block-kadence-spacer aligncenter kt-block-spacer-28716_910749-85\"><div class=\"kt-block-spacer kt-block-spacer-halign-center\"><hr class=\"kt-divider\"\/><\/div><\/div>\n\n\n<div style=\"--responsive-spacer--desktop:3.25rem;--responsive-spacer--tablet:3.25rem;--responsive-spacer--mobile:2rem;\" class=\"wp-block-madden-theme-responsive-spacer\"><\/div><\/div>\n\n\n\n<div class=\"wp-block-group has-global-padding is-layout-constrained wp-block-group-is-layout-constrained\">\n<div class=\"wp-block-group has-global-padding is-layout-constrained wp-container-core-group-is-layout-19e250f3 wp-block-group-is-layout-constrained\">\n<h2 class=\"wp-block-heading has-text-align-center\">Servicios audiovisuales<\/h2>\n\n\n\n<p class=\"has-text-align-center has-blue-color has-text-color has-link-color has-medium-font-size wp-elements-05df0a88aee537190254c8864e974a2a\" style=\"text-transform:uppercase\">de Pinnacle Live<\/p>\n<\/div>\n\n\n<div style=\"--responsive-spacer--desktop:3rem;--responsive-spacer--tablet:3rem;--responsive-spacer--mobile:1rem;\" class=\"wp-block-madden-theme-responsive-spacer\"><\/div>\n\n\n<div class=\"wp-block-group cta-slider has-global-padding is-layout-constrained wp-block-group-is-layout-constrained\" style=\"margin-top:0;margin-bottom:0;padding-top:0;padding-bottom:0\">\n<section id=\"\" class=\"slider-type-custom cta-slider is-style-none  cta-slider is-style-none wp-block-madden-theme-slider\"  data-uid=\"ababf3c1-a0ac-4b7b-983d-cd44cd1a1651\">\n\t<div class=\"swiper\" data-enableautoplay=\"\" data-centeredslides=\"\" data-effect=\"fade\" data-loop=\"\" data-freemode=\"\" data-enablemousescroll=\"\" data-enablearrownavigation=\"1\" data-enablepagination=\"\" data-enablescrollbar=\"\" data-sliderdirectiondesktop=\"horizontal\" data-sliderdirectiontablet=\"horizontal\" data-sliderdirectionmobile=\"horizontal\" data-enablegridrows=\"\" data-gridrowsdesktop=\"1\" data-gridrowstablet=\"1\" data-gridrowsmobile=\"1\" data-enablespacebetween=\"\" data-spacebetweendesktop=\"10\" data-spacebetweentablet=\"10\" data-spacebetweenmobile=\"10\" data-enableslidesperview=\"\" data-enableslidesperviewauto=\"\" data-slidesperviewdesktop=\"1\" data-slidesperviewtablet=\"1\" data-slidesperviewmobile=\"1\" data-enableslidespergroup=\"\" data-enableslidespergroupauto=\"\" data-slidespergroupdesktop=\"1\" data-slidespergrouptablet=\"1\" data-slidespergroupmobile=\"1\">\n\n\t\t<div class=\"swiper-wrapper\">\n\t\t\t\n\n<div class=\"wp-block-madden-theme-single-slide swiper-slide\">\n<div class=\"wp-block-group cta-slide has-global-padding is-layout-constrained wp-block-group-is-layout-constrained\">\n<div class=\"wp-block-cover\"><img loading=\"lazy\" decoding=\"async\" width=\"1587\" height=\"886\" class=\"wp-block-cover__image-background wp-image-44305\" alt=\"A woman stands confidently at a podium, presenting to an audience with a smile in Santa Clara, California.\" src=\"https:\/\/www.discoversantaclara.org\/wp-content\/uploads\/2025\/02\/2022AWE-USA-3AWE2935-d-1-scaled-e1738621596327.jpg\" data-object-fit=\"cover\" title=\"\"><span aria-hidden=\"true\" class=\"wp-block-cover__background has-blue-background-color has-background-dim-80 has-background-dim\"><\/span><div class=\"wp-block-cover__inner-container is-layout-flow wp-block-cover-is-layout-flow\">\n<div class=\"wp-block-group has-white-color has-text-color has-link-color wp-elements-b22ba4177c092425413a26f218c3fdda has-global-padding is-content-justification-left is-layout-constrained wp-container-core-group-is-layout-749cb7c4 wp-block-group-is-layout-constrained\">\n<h2 class=\"wp-block-heading\" style=\"font-size:clamp(22.041px, 1.378rem + ((1vw - 3.2px) * 1.287), 36px);\">Eventos transformadores<\/h2>\n\n\n\n<p>Pinnacle lleva d\u00e9cadas trabajando en exclusiva con el Centro de Convenciones de Santa Clara para crear experiencias de eventos memorables que conecten, inspiren, comprometan y transformen a las organizaciones. Con m\u00e1s de 1,7 millones de eventos h\u00edbridos, virtuales y presenciales producidos cada a\u00f1o, Pinnacle tiene la capacidad \u00fanica de conectar a la perfecci\u00f3n audiencias presenciales y virtuales, creando eventos que tienen el poder de involucrar e inspirar.<\/p>\n<\/div>\n<\/div><\/div>\n<\/div>\n<\/div>\n\n\n\n<div class=\"wp-block-madden-theme-single-slide swiper-slide\">\n<div class=\"wp-block-group cta-slide has-global-padding is-layout-constrained wp-block-group-is-layout-constrained\">\n<div class=\"wp-block-cover\"><img loading=\"lazy\" decoding=\"async\" width=\"1200\" height=\"630\" class=\"wp-block-cover__image-background wp-image-44309\" alt=\"A stage set with vibrant green and blue geometric shapes and a large screen displaying the &#039;Pinnacle Live&#039; logo in white text against a blue background in Santa Clara, California.\" src=\"https:\/\/www.discoversantaclara.org\/wp-content\/uploads\/2025\/02\/OG-Scenic-Design.jpg\" style=\"object-position:75% 67%\" data-object-fit=\"cover\" data-object-position=\"75% 67%\" title=\"\"><span aria-hidden=\"true\" class=\"wp-block-cover__background has-blue-background-color has-background-dim-80 has-background-dim\"><\/span><div class=\"wp-block-cover__inner-container is-layout-flow wp-block-cover-is-layout-flow\">\n<div class=\"wp-block-group has-white-color has-text-color has-link-color wp-elements-d7972cdf18b2dc5bf705e82f86584d7b has-global-padding is-content-justification-left is-layout-constrained wp-container-core-group-is-layout-749cb7c4 wp-block-group-is-layout-constrained\">\n<h2 class=\"wp-block-heading\" style=\"font-size:clamp(22.041px, 1.378rem + ((1vw - 3.2px) * 1.287), 36px);\">Alcance mundial, experiencia local<\/h2>\n\n\n\n<p class=\"has-normal-big-font-size\">Como l\u00edder del sector con una presencia global en m\u00e1s de veinte pa\u00edses, la amplia red de profesionales locales y globales de Pinnacle conoce los mercados individuales por dentro y por fuera.<\/p>\n\n\n\n<div class=\"wp-block-buttons is-layout-flex wp-block-buttons-is-layout-flex\" style=\"margin-top:var(--wp--preset--spacing--40)\">\n<div class=\"wp-block-button\"><a class=\"wp-block-button__link has-white-color has-text-color has-link-color wp-element-button\" href=\"https:\/\/www.pinnaclelive.com\/locations\/santa-clara-convention-center#services\" target=\"_blank\" rel=\"noreferrer noopener\">M\u00e1s informaci\u00f3n<\/a><\/div>\n<\/div>\n<\/div>\n<\/div><\/div>\n<\/div>\n<\/div>\n\n\t\t<\/div>\n\t<\/div>\n\n\t<div class=\"swiper-navigation-wrapper\"><div class=\"swiper-button-prev\" style=\"color:;background-color:;\"><\/div><div class=\"swiper-button-next\" style=\"color:;background-color:;\"><\/div><\/div><\/section>\n<\/div>\n<\/div>\n\n\n\n<div class=\"wp-block-group has-global-padding is-layout-constrained wp-block-group-is-layout-constrained\" style=\"margin-top:0;margin-bottom:0\"><div style=\"--responsive-spacer--desktop:3.25rem;--responsive-spacer--tablet:3.25rem;--responsive-spacer--mobile:2rem;\" class=\"wp-block-madden-theme-responsive-spacer\"><\/div>\n\n\n<div class=\"wp-block-kadence-spacer aligncenter kt-block-spacer-28716_835bc6-3e\"><div class=\"kt-block-spacer kt-block-spacer-halign-center\"><hr class=\"kt-divider\"\/><\/div><\/div>\n\n\n<div style=\"--responsive-spacer--desktop:3.25rem;--responsive-spacer--tablet:3.25rem;--responsive-spacer--mobile:2rem;\" class=\"wp-block-madden-theme-responsive-spacer\"><\/div><\/div>\n\n\n\n<div class=\"wp-block-group has-global-padding is-layout-constrained wp-block-group-is-layout-constrained\">\n<div class=\"wp-block-group has-global-padding is-layout-constrained wp-container-core-group-is-layout-19e250f3 wp-block-group-is-layout-constrained\">\n<h2 class=\"wp-block-heading has-text-align-center\">Servicios de Internet<\/h2>\n\n\n\n<p class=\"has-text-align-center has-blue-color has-text-color has-link-color has-medium-font-size wp-elements-0f31738b8280822e0cb94ceefe240a56\" style=\"text-transform:uppercase\">por Smart City Networks<\/p>\n<\/div>\n\n\n<div style=\"--responsive-spacer--desktop:3rem;--responsive-spacer--tablet:3rem;--responsive-spacer--mobile:1rem;\" class=\"wp-block-madden-theme-responsive-spacer\"><\/div>\n\n\n<div class=\"wp-block-group cta-slider has-global-padding is-layout-constrained wp-block-group-is-layout-constrained\" style=\"margin-top:0;margin-bottom:0;padding-top:0;padding-bottom:0\">\n<section id=\"\" class=\"slider-type-custom cta-slider is-style-none  cta-slider is-style-none wp-block-madden-theme-slider\"  data-uid=\"4fca95c9-a5f2-474d-9baa-9ce5024e7619\">\n\t<div class=\"swiper\" data-enableautoplay=\"\" data-centeredslides=\"\" data-effect=\"fade\" data-loop=\"\" data-freemode=\"\" data-enablemousescroll=\"\" data-enablearrownavigation=\"1\" data-enablepagination=\"\" data-enablescrollbar=\"\" data-sliderdirectiondesktop=\"horizontal\" data-sliderdirectiontablet=\"horizontal\" data-sliderdirectionmobile=\"horizontal\" data-enablegridrows=\"\" data-gridrowsdesktop=\"1\" data-gridrowstablet=\"1\" data-gridrowsmobile=\"1\" data-enablespacebetween=\"\" data-spacebetweendesktop=\"10\" data-spacebetweentablet=\"10\" data-spacebetweenmobile=\"10\" data-enableslidesperview=\"\" data-enableslidesperviewauto=\"\" data-slidesperviewdesktop=\"1\" data-slidesperviewtablet=\"1\" data-slidesperviewmobile=\"1\" data-enableslidespergroup=\"\" data-enableslidespergroupauto=\"\" data-slidespergroupdesktop=\"1\" data-slidespergrouptablet=\"1\" data-slidespergroupmobile=\"1\">\n\n\t\t<div class=\"swiper-wrapper\">\n\t\t\t\n\n<div class=\"wp-block-madden-theme-single-slide swiper-slide\">\n<div class=\"wp-block-group cta-slide has-global-padding is-layout-constrained wp-block-group-is-layout-constrained\">\n<div class=\"wp-block-cover\"><img loading=\"lazy\" decoding=\"async\" width=\"1510\" height=\"1014\" class=\"wp-block-cover__image-background wp-image-41959\" alt=\"A woman wearing a black sleeveless dress and a white VR headset gestures with her hands in front of a large screen displaying a VR interface in Santa Clara, California.\" src=\"https:\/\/www.discoversantaclara.org\/wp-content\/uploads\/2025\/01\/KelseyFloyd_Playground_003-scaled-e1738621305677.jpg\" data-object-fit=\"cover\" title=\"\"><span aria-hidden=\"true\" class=\"wp-block-cover__background has-blue-background-color has-background-dim-80 has-background-dim\"><\/span><div class=\"wp-block-cover__inner-container is-layout-flow wp-block-cover-is-layout-flow\">\n<div class=\"wp-block-group has-white-color has-text-color has-link-color wp-elements-4de35c70c4d0d42023b7f9e14e48f9b1 has-global-padding is-content-justification-left is-layout-constrained wp-container-core-group-is-layout-749cb7c4 wp-block-group-is-layout-constrained\">\n<h2 class=\"wp-block-heading\" style=\"font-size:clamp(22.041px, 1.378rem + ((1vw - 3.2px) * 1.287), 36px);\">Ofrecemos soluciones personalizadas para cualquier evento.<\/h2>\n\n\n\n<p class=\"has-normal-big-font-size\">Smart City Networks trabaja en exclusiva con el Centro de Convenciones de Santa Clara para ofrecerle los servicios de telecomunicaciones m\u00e1s eficientes de Silicon Valley. A trav\u00e9s de Smart City Networks, proporcionamos circuitos de datos de gran ancho de banda, acceso a Internet de alta velocidad y construcci\u00f3n temporal de LAN, WAN y VPN. Tambi\u00e9n proporcionamos redes punto a punto, adquisiciones y puntos de acceso inal\u00e1mbricos, soluciones de seguridad personalizadas, supervisi\u00f3n dedicada del rendimiento de la red, soluciones de dise\u00f1o e ingenier\u00eda de redes, servicios completos de voz y televisi\u00f3n por cable.<\/p>\n\n\n\n<div class=\"wp-block-buttons is-layout-flex wp-block-buttons-is-layout-flex\" style=\"margin-top:var(--wp--preset--spacing--40)\">\n<div class=\"wp-block-button\"><a class=\"wp-block-button__link has-white-color has-text-color has-link-color wp-element-button\" href=\"https:\/\/smartcitynetworks.com\/venues-we-operate-in\/santa-clara-convention-center\/\" target=\"_blank\" rel=\"noreferrer noopener\">M\u00e1s informaci\u00f3n<\/a><\/div>\n<\/div>\n<\/div>\n<\/div><\/div>\n<\/div>\n<\/div>\n\n\t\t<\/div>\n\t<\/div>\n\n\t<div class=\"swiper-navigation-wrapper\"><div class=\"swiper-button-prev\" style=\"color:;background-color:;\"><\/div><div class=\"swiper-button-next\" style=\"color:;background-color:;\"><\/div><\/div><\/section>\n<\/div>\n<\/div>\n\n\n\n<div class=\"wp-block-group has-global-padding is-layout-constrained wp-block-group-is-layout-constrained\" style=\"margin-top:0;margin-bottom:0\"><div style=\"--responsive-spacer--desktop:3.25rem;--responsive-spacer--tablet:3.25rem;--responsive-spacer--mobile:2rem;\" class=\"wp-block-madden-theme-responsive-spacer\"><\/div>\n\n\n<div class=\"wp-block-kadence-spacer aligncenter kt-block-spacer-28716_34363f-7f\"><div class=\"kt-block-spacer kt-block-spacer-halign-center\"><hr class=\"kt-divider\"\/><\/div><\/div>\n\n\n<div style=\"--responsive-spacer--desktop:3.25rem;--responsive-spacer--tablet:3.25rem;--responsive-spacer--mobile:2rem;\" class=\"wp-block-madden-theme-responsive-spacer\"><\/div><\/div>\n\n\n\n<div class=\"wp-block-group has-global-padding is-layout-constrained wp-block-group-is-layout-constrained\">\n<div class=\"wp-block-group has-global-padding is-layout-constrained wp-container-core-group-is-layout-19e250f3 wp-block-group-is-layout-constrained\">\n<h2 class=\"wp-block-heading has-text-align-center\">Gesti\u00f3n de espacios y eventos<\/h2>\n\n\n\n<p class=\"has-text-align-center has-blue-color has-text-color has-link-color has-medium-font-size wp-elements-7c9293bf4a932642339c376914dacc94\" style=\"text-transform:uppercase\">por Oak View Group<\/p>\n<\/div>\n\n\n<div style=\"--responsive-spacer--desktop:3rem;--responsive-spacer--tablet:3rem;--responsive-spacer--mobile:1rem;\" class=\"wp-block-madden-theme-responsive-spacer\"><\/div>\n\n\n<div class=\"wp-block-group cta-slider has-global-padding is-layout-constrained wp-block-group-is-layout-constrained\" style=\"margin-top:0;margin-bottom:0;padding-top:0;padding-bottom:0\">\n<section id=\"\" class=\"slider-type-custom cta-slider is-style-none  cta-slider is-style-none wp-block-madden-theme-slider\"  data-uid=\"417f94dc-79f2-42e8-beb2-192076eda2b8\">\n\t<div class=\"swiper\" data-enableautoplay=\"\" data-centeredslides=\"\" data-effect=\"fade\" data-loop=\"\" data-freemode=\"\" data-enablemousescroll=\"\" data-enablearrownavigation=\"1\" data-enablepagination=\"\" data-enablescrollbar=\"\" data-sliderdirectiondesktop=\"horizontal\" data-sliderdirectiontablet=\"horizontal\" data-sliderdirectionmobile=\"horizontal\" data-enablegridrows=\"\" data-gridrowsdesktop=\"1\" data-gridrowstablet=\"1\" data-gridrowsmobile=\"1\" data-enablespacebetween=\"\" data-spacebetweendesktop=\"10\" data-spacebetweentablet=\"10\" data-spacebetweenmobile=\"10\" data-enableslidesperview=\"\" data-enableslidesperviewauto=\"\" data-slidesperviewdesktop=\"1\" data-slidesperviewtablet=\"1\" data-slidesperviewmobile=\"1\" data-enableslidespergroup=\"\" data-enableslidespergroupauto=\"\" data-slidespergroupdesktop=\"1\" data-slidespergrouptablet=\"1\" data-slidespergroupmobile=\"1\">\n\n\t\t<div class=\"swiper-wrapper\">\n\t\t\t\n\n<div class=\"wp-block-madden-theme-single-slide swiper-slide\">\n<div class=\"wp-block-group cta-slide has-global-padding is-layout-constrained wp-block-group-is-layout-constrained\">\n<div class=\"wp-block-cover\"><img loading=\"lazy\" decoding=\"async\" width=\"1920\" height=\"1280\" class=\"wp-block-cover__image-background wp-image-44311\" alt=\"A cluster of tall palm trees reaches towards a clear blue sky, their fronds swaying gently in the breeze in Santa Clara, California.\" src=\"https:\/\/www.discoversantaclara.org\/wp-content\/uploads\/2025\/02\/shutterstock_1137843701-1-scaled.jpg\" data-object-fit=\"cover\" title=\"\"><span aria-hidden=\"true\" class=\"wp-block-cover__background has-blue-background-color has-background-dim-80 has-background-dim\"><\/span><div class=\"wp-block-cover__inner-container is-layout-flow wp-block-cover-is-layout-flow\">\n<div class=\"wp-block-group has-white-color has-text-color has-link-color wp-elements-6d6b2c3fe2822b41fc641a91aba1463c has-global-padding is-content-justification-left is-layout-constrained wp-container-core-group-is-layout-749cb7c4 wp-block-group-is-layout-constrained\">\n<h2 class=\"wp-block-heading\" style=\"font-size:clamp(22.041px, 1.378rem + ((1vw - 3.2px) * 1.287), 36px);\">Sedes de categor\u00eda mundial<\/h2>\n\n\n\n<p>Oak View Group (OVG) es el l\u00edder mundial en el desarrollo y la gesti\u00f3n de espacios para experiencias en directo, servicios de hospitalidad de primera calidad y soluciones de 360 grados para una colecci\u00f3n de espacios de talla mundial y una cartera de clientes formada por estadios, centros de convenciones, festivales de m\u00fasica, centros de artes esc\u00e9nicas e instituciones culturales.<\/p>\n\n\n\n<div class=\"wp-block-buttons is-layout-flex wp-block-buttons-is-layout-flex\" style=\"margin-top:var(--wp--preset--spacing--40)\">\n<div class=\"wp-block-button\"><a class=\"wp-block-button__link has-white-color has-text-color has-link-color wp-element-button\" href=\"https:\/\/www.oakviewgroup.com\/\" target=\"_blank\" rel=\"noreferrer noopener\">M\u00e1s informaci\u00f3n<\/a><\/div>\n<\/div>\n<\/div>\n<\/div><\/div>\n<\/div>\n<\/div>\n\n\n\n<div class=\"wp-block-madden-theme-single-slide swiper-slide\">\n<div class=\"wp-block-group cta-slide has-global-padding is-layout-constrained wp-block-group-is-layout-constrained\">\n<div class=\"wp-block-cover\"><img loading=\"lazy\" decoding=\"async\" width=\"1920\" height=\"1280\" class=\"wp-block-cover__image-background wp-image-41961\" alt=\"A large group of people dressed in vibrant traditional attire gather around a classic blue car, waving and cheering under a clear blue sky with palm trees in the background in Santa Clara, California.\" src=\"https:\/\/www.discoversantaclara.org\/wp-content\/uploads\/2025\/01\/Preeti_Jiten_Wedding-574-scaled.jpg\" data-object-fit=\"cover\" title=\"\"><span aria-hidden=\"true\" class=\"wp-block-cover__background has-blue-background-color has-background-dim-80 has-background-dim\"><\/span><div class=\"wp-block-cover__inner-container is-layout-flow wp-block-cover-is-layout-flow\">\n<div class=\"wp-block-group has-white-color has-text-color has-link-color wp-elements-dd8e2f51b8bae1d6815fd50290285e9c has-global-padding is-content-justification-left is-layout-constrained wp-container-core-group-is-layout-749cb7c4 wp-block-group-is-layout-constrained\">\n<h2 class=\"wp-block-heading\" style=\"font-size:clamp(22.041px, 1.378rem + ((1vw - 3.2px) * 1.287), 36px);\">Experiencia de confianza<\/h2>\n\n\n\n<p class=\"has-normal-big-font-size\">OVG se enorgullece de gestionar el Centro de Convenciones de Santa Clara desde 2016, pero la experiencia de nuestro equipo es mucho mayor: muchos de nuestros empleados llevan m\u00e1s de 30 a\u00f1os dando vida a eventos aqu\u00ed. Con d\u00e9cadas de experiencia y una pasi\u00f3n por la ejecuci\u00f3n impecable, nos aseguramos de que su evento est\u00e9 en las manos m\u00e1s capaces y dedicadas.<\/p>\n\n\n\n<div class=\"wp-block-buttons is-layout-flex wp-block-buttons-is-layout-flex\" style=\"margin-top:var(--wp--preset--spacing--40)\">\n<div class=\"wp-block-button\"><a class=\"wp-block-button__link has-white-color has-text-color has-link-color wp-element-button\" href=\"https:\/\/santaclaraconventioncenter.com\/\" target=\"_blank\" rel=\"noreferrer noopener\">M\u00e1s informaci\u00f3n<\/a><\/div>\n<\/div>\n<\/div>\n<\/div><\/div>\n<\/div>\n<\/div>\n\n\t\t<\/div>\n\t<\/div>\n\n\t<div class=\"swiper-navigation-wrapper\"><div class=\"swiper-button-prev\" style=\"color:;background-color:;\"><\/div><div class=\"swiper-button-next\" style=\"color:;background-color:;\"><\/div><\/div><\/section>\n<\/div>\n<\/div>\n\n\n\n<div class=\"wp-block-group has-global-padding is-layout-constrained wp-block-group-is-layout-constrained\" style=\"margin-top:0;margin-bottom:0\"><div style=\"--responsive-spacer--desktop:3.25rem;--responsive-spacer--tablet:3.25rem;--responsive-spacer--mobile:2rem;\" class=\"wp-block-madden-theme-responsive-spacer\"><\/div>\n\n\n<div class=\"wp-block-kadence-spacer aligncenter kt-block-spacer-28716_0b2b85-28\"><div class=\"kt-block-spacer kt-block-spacer-halign-center\"><hr class=\"kt-divider\"\/><\/div><\/div>\n\n\n<div style=\"--responsive-spacer--desktop:3.25rem;--responsive-spacer--tablet:3.25rem;--responsive-spacer--mobile:2rem;\" class=\"wp-block-madden-theme-responsive-spacer\"><\/div><\/div>","protected":false},"excerpt":{"rendered":"<p>Santa Clara Convention Center Exclusive partners Extraordinary events don\u2019t happen by chance\u2014they happen by design. At the Santa Clara Convention Center, our exclusive partners bring top-tier expertise in catering, technology, and event production to ensure every detail exceeds expectations. Whether you&#8217;re planning an intimate gathering or a large-scale experience, we collaborate with the best to [&hellip;]<\/p>\n","protected":false},"author":1,"featured_media":28717,"parent":39,"menu_order":0,"comment_status":"closed","ping_status":"closed","template":"","meta":{"_acf_changed":false,"footnotes":""},"class_list":["post-28716","page","type-page","status-publish","has-post-thumbnail","hentry"],"acf":[],"content_card":null,"_links":{"self":[{"href":"https:\/\/www.discoversantaclara.org\/es\/wp-json\/wp\/v2\/pages\/28716","targetHints":{"allow":["GET"]}}],"collection":[{"href":"https:\/\/www.discoversantaclara.org\/es\/wp-json\/wp\/v2\/pages"}],"about":[{"href":"https:\/\/www.discoversantaclara.org\/es\/wp-json\/wp\/v2\/types\/page"}],"author":[{"embeddable":true,"href":"https:\/\/www.discoversantaclara.org\/es\/wp-json\/wp\/v2\/users\/1"}],"replies":[{"embeddable":true,"href":"https:\/\/www.discoversantaclara.org\/es\/wp-json\/wp\/v2\/comments?post=28716"}],"version-history":[{"count":98,"href":"https:\/\/www.discoversantaclara.org\/es\/wp-json\/wp\/v2\/pages\/28716\/revisions"}],"predecessor-version":[{"id":55729,"href":"https:\/\/www.discoversantaclara.org\/es\/wp-json\/wp\/v2\/pages\/28716\/revisions\/55729"}],"up":[{"embeddable":true,"href":"https:\/\/www.discoversantaclara.org\/es\/wp-json\/wp\/v2\/pages\/39"}],"wp:featuredmedia":[{"embeddable":true,"href":"https:\/\/www.discoversantaclara.org\/es\/wp-json\/wp\/v2\/media\/28717"}],"wp:attachment":[{"href":"https:\/\/www.discoversantaclara.org\/es\/wp-json\/wp\/v2\/media?parent=28716"}],"curies":[{"name":"wp","href":"https:\/\/api.w.org\/{rel}","templated":true}]}}